{"id":413,"date":"2024-08-02T13:56:37","date_gmt":"2024-08-02T13:56:37","guid":{"rendered":"https:\/\/lesfoisonnantes.fr\/info\/?page_id=413"},"modified":"2024-10-07T11:34:54","modified_gmt":"2024-10-07T11:34:54","slug":"cour-des-lucioles","status":"publish","type":"page","link":"https:\/\/lesfoisonnantes.fr\/info\/?page_id=413","title":{"rendered":"COUR DES LUCIOLES"},"content":{"rendered":"<div id=\"cs-content\" class=\"cs-content\"><div class=\"x-section e413-e1 mbh-0 mbh-1 mbh-2 mbh-3\"><div class=\"x-row x-container max width e413-e2 mbh-9 mbh-a mbh-b mbh-g mbh-h\"><div class=\"x-row-inner\"><div class=\"x-col e413-e3 mbh-22 mbh-23 mbh-24\"><span class=\"x-image e413-e4 mbh-29 mbh-2a mbh-2b\"><img decoding=\"async\" src=\"https:\/\/lesfoisonnantes.fr\/info\/wp-content\/uploads\/2024\/08\/sous_page_cour_des_lucioles_titre.png\" width=\"548\" height=\"182\" alt=\"Image\" loading=\"lazy\"><\/span><div class=\"x-text x-content e413-e5 mbh-2d mbh-2e mbh-2f mbh-2g\"><p>Les inscriptions aux divers ateliers qui le sp\u00e9cifient, se font le matin \u00e0 l'accueil de la Cour des Lucioles.<\/p>\n<p>Attention, pour certains ateliers et spectacles, le nombre de places est limit\u00e9.<\/p><\/div><\/div><\/div><\/div><div class=\"x-row x-container max width e413-e6 mbh-9 mbh-a mbh-b mbh-g mbh-i\"><div class=\"x-row-inner\"><div class=\"x-col e413-e7 mbh-22 mbh-25 mbh-26 mbh-27\"><span class=\"x-image e413-e8 mbh-29 mbh-2a\"><img decoding=\"async\" src=\"https:\/\/lesfoisonnantes.fr\/info\/wp-content\/uploads\/2024\/08\/date_samedi.png\" width=\"198\" height=\"153\" alt=\"Image\" loading=\"lazy\"><\/span><\/div><\/div><\/div><\/div><div class=\"x-section e413-e9 mbh-0 mbh-2 mbh-3 mbh-4\"><div class=\"x-row x-container max width e413-e10 mbh-9 mbh-a mbh-b mbh-c mbh-g mbh-j\"><div class=\"x-row-inner\"><div class=\"x-col e413-e11 mbh-22 mbh-23\"><div class=\"x-text x-content e413-e12 mbh-2e mbh-2h mbh-2i mbh-2j mbh-2k mbh-2l\">M\u00c9DITATION HEARTFULNESS<\/div><\/div><\/div><\/div><div class=\"x-row x-container max width e413-e13 mbh-9 mbh-a mbh-b mbh-g mbh-k\"><div class=\"x-row-inner\"><div class=\"x-col e413-e14 mbh-22 mbh-23 mbh-24\"><span class=\"x-image e413-e15 mbh-29 mbh-2c\"><img decoding=\"async\" src=\"https:\/\/lesfoisonnantes.fr\/info\/wp-content\/uploads\/2024\/08\/meditation_samedi.png\" width=\"226\" height=\"228\" alt=\"Image\" loading=\"lazy\"><\/span><\/div><div class=\"x-col e413-e16 mbh-22 mbh-23\"><div class=\"x-text x-content e413-e17 mbh-2e mbh-2f mbh-2g mbh-2h mbh-2l mbh-2m\"><p>M\u00e9ditation propos\u00e9e pour bien s\u2019ancrer dans la journ\u00e9e. <br \/>\nN\u00e9e en Inde au d\u00e9but du XXe si\u00e8cle et inspir\u00e9e du Raja Yoga, la m\u00e9ditation Heartfulness propose une approche simple et accessible centr\u00e9e sur le r\u00f4le dynamique du coeur.<\/p>\n<p><a href=\"https:\/\/fr.heartfulness.org\">https:\/\/fr.heartfulness.org<\/a><\/p><\/div><\/div><\/div><\/div><\/div><div class=\"x-section e413-e18 mbh-0 mbh-3 mbh-4 mbh-5\"><div class=\"x-row x-container max width e413-e19 mbh-9 mbh-a mbh-b mbh-c mbh-g mbh-l\"><div class=\"x-row-inner\"><div class=\"x-col e413-e20 mbh-22 mbh-23\"><div class=\"x-text x-content e413-e21 mbh-2e mbh-2h mbh-2i mbh-2j mbh-2k mbh-2l\">MA TENTE M\u2019A RACONT\u00c9<\/div><\/div><\/div><\/div><div class=\"x-row x-container max width e413-e22 mbh-9 mbh-a mbh-b mbh-g mbh-m\"><div class=\"x-row-inner\"><div class=\"x-col e413-e23 mbh-22 mbh-23 mbh-24\"><span class=\"x-image e413-e24 mbh-29 mbh-2c\"><img decoding=\"async\" src=\"https:\/\/lesfoisonnantes.fr\/info\/wp-content\/uploads\/2024\/08\/tente_contes_samedi.png\" width=\"226\" height=\"228\" alt=\"Image\" loading=\"lazy\"><\/span><\/div><div class=\"x-col e413-e25 mbh-22 mbh-23\"><div class=\"x-text x-content e413-e26 mbh-2e mbh-2f mbh-2g mbh-2h mbh-2l mbh-2m\">Sous la tente \u00e0 contes de la conteuse Caroline Durant les enfants de 2 \u00e0 6 ans d\u00e9couvrent l\u2019univers merveilleux des histoires que l\u2019on raconte lorsqu\u2019on a soi-m\u00eame une \u00e2me d\u2019enfant\u2026<\/div><\/div><\/div><\/div><\/div><div class=\"x-section e413-e27 mbh-0 mbh-3 mbh-4 mbh-5\"><div class=\"x-row x-container max width e413-e28 mbh-9 mbh-a mbh-b mbh-c mbh-g mbh-n\"><div class=\"x-row-inner\"><div class=\"x-col e413-e29 mbh-22 mbh-23\"><div class=\"x-text x-content e413-e30 mbh-2e mbh-2h mbh-2i mbh-2j mbh-2k mbh-2l\">BRIGHTER MINDS<\/div><\/div><\/div><\/div><div class=\"x-row x-container max width e413-e31 mbh-9 mbh-a mbh-b mbh-g mbh-o\"><div class=\"x-row-inner\"><div class=\"x-col e413-e32 mbh-22 mbh-23 mbh-24\"><span class=\"x-image e413-e33 mbh-29 mbh-2c\"><img decoding=\"async\" src=\"https:\/\/lesfoisonnantes.fr\/info\/wp-content\/uploads\/2024\/10\/brightermind_samedi.png\" width=\"227\" height=\"227\" alt=\"Image\" loading=\"lazy\"><\/span><\/div><div class=\"x-col e413-e34 mbh-22 mbh-23\"><div class=\"x-text x-content e413-e35 mbh-2e mbh-2f mbh-2g mbh-2h mbh-2l mbh-2m\"><p>La m\u00e9thode Brighter Minds a pour but de prendre soin du cerveau des enfants, de le muscler. Le processus, qui tend \u00e0 \u00e9quilibrer et comprendre le cerveau de mani\u00e8re optimale, aide les enfants \u00e0 d\u00e9couvrir tout leur potentiel. C\u2019est un syst\u00e8me finement r\u00e9gl\u00e9 d\u2019outils et de techniques d\u00e9velopp\u00e9s gr\u00e2ce aux derni\u00e8res avanc\u00e9es en neurosciences. Il permet aux enfants de d\u00e9velopper leurs capacit\u00e9s cognitives dans un cadre de bienveillance et de soutien.<\/p>\n<p><a href=\"https:\/\/www.brighterminds.fr\/\">https:\/\/www.brighterminds.fr\/<\/a><\/p><\/div><\/div><\/div><\/div><\/div><div class=\"x-section e413-e36 mbh-0 mbh-2 mbh-3 mbh-4\"><div class=\"x-row x-container max width e413-e37 mbh-9 mbh-a mbh-b mbh-c mbh-g mbh-p\"><div class=\"x-row-inner\"><div class=\"x-col e413-e38 mbh-22 mbh-23\"><div class=\"x-text x-content e413-e39 mbh-2e mbh-2h mbh-2i mbh-2j mbh-2k mbh-2l\">CONTES SUR LE CHEMIN<\/div><\/div><\/div><\/div><div class=\"x-row x-container max width e413-e40 mbh-9 mbh-a mbh-b mbh-g mbh-q\"><div class=\"x-row-inner\"><div class=\"x-col e413-e41 mbh-22 mbh-23 mbh-24\"><span class=\"x-image e413-e42 mbh-29 mbh-2c\"><img decoding=\"async\" src=\"https:\/\/lesfoisonnantes.fr\/info\/wp-content\/uploads\/2024\/10\/contes_sur_le_chemin.png\" width=\"227\" height=\"227\" alt=\"Image\" loading=\"lazy\"><\/span><\/div><div class=\"x-col e413-e43 mbh-22 mbh-23\"><div class=\"x-text x-content e413-e44 mbh-2e mbh-2f mbh-2g mbh-2h mbh-2l mbh-2m\"><p>Contes merveilleux, contes d\u2019animaux, contes qui font peur ou qui font rire, de chez nous ou de tr\u00e8s loin : le conteur pioche dans son r\u00e9pertoire pour construire avec le public tout un chemin d\u2019histoires.<br \/>\nCompagnie La Baleine qui dit vagues.<\/p>\n<p><a href=\"https:\/\/labaleinequiditvagues.fr\">https:\/\/labaleinequiditvagues.fr<\/a><\/p><\/div><\/div><\/div><\/div><\/div><div class=\"x-section e413-e45 mbh-0 mbh-2 mbh-3 mbh-4\"><div class=\"x-row x-container max width e413-e46 mbh-9 mbh-a mbh-b mbh-c mbh-g mbh-r\"><div class=\"x-row-inner\"><div class=\"x-col e413-e47 mbh-22 mbh-23\"><div class=\"x-text x-content e413-e48 mbh-2e mbh-2h mbh-2i mbh-2j mbh-2k mbh-2l\">CHANTER EN CORPS ET EN CHOEUR<\/div><\/div><\/div><\/div><div class=\"x-row x-container max width e413-e49 mbh-9 mbh-a mbh-b mbh-c mbh-g mbh-s\"><div class=\"x-row-inner\"><div class=\"x-col e413-e50 mbh-22 mbh-23 mbh-24\"><span class=\"x-image e413-e51 mbh-29 mbh-2c\"><img decoding=\"async\" src=\"https:\/\/lesfoisonnantes.fr\/info\/wp-content\/uploads\/2024\/10\/corps_voix.png\" width=\"227\" height=\"227\" alt=\"Image\" loading=\"lazy\"><\/span><\/div><div class=\"x-col e413-e52 mbh-22 mbh-23\"><div class=\"x-text x-content e413-e53 mbh-2e mbh-2f mbh-2g mbh-2h mbh-2l mbh-2m\"><p>Julie Avril, artiste plurielle, est cheffe de choeur et accompagnatrice sur chemins de montagne et sur voies\/voix plus int\u00e9rieures. <br \/>\nLe chant est cr\u00e9ateur de joie, de rencontre, il facilite un partage sensible au del\u00e0 des mots., expression de soi, v\u00e9hicule d\u2019\u00e9motions, il relie. <br \/>\nComment apprivoiser l\u2019instrument qu\u2019est la voix, parler, chanter ? D\u00e9ployer son potentiel, son talent, puis diffuser, inspirer le monde.<\/p>\n<p><a href=\"https:\/\/accordsouverts.fr\/musique-chant-flute\/\">https:\/\/accordsouverts.fr\/musique-chant-flute\/<\/a><\/p>\n<p><a href=\"https:\/\/fr.heartfulness.org\"><\/a><\/p><\/div><\/div><\/div><\/div><\/div><div class=\"x-section e413-e54 mbh-0 mbh-6\"><div class=\"x-row x-container max width e413-e55 mbh-9 mbh-a mbh-b mbh-c mbh-g mbh-t\"><div class=\"x-row-inner\"><div class=\"x-col e413-e56 mbh-22 mbh-23\"><div class=\"x-text x-content e413-e57 mbh-2e mbh-2g mbh-2h mbh-2i mbh-2k\">CAUSERIE SUR LA CULTURE DU NUM\u00c9RIQUE<\/div><\/div><\/div><\/div><div class=\"x-row x-container max width e413-e58 mbh-9 mbh-b mbh-d mbh-e mbh-g mbh-u\"><div class=\"x-row-inner\"><div class=\"x-col e413-e59 mbh-22 mbh-23 mbh-24\"><span class=\"x-image e413-e60 mbh-29 mbh-2c\"><img decoding=\"async\" src=\"https:\/\/lesfoisonnantes.fr\/info\/wp-content\/uploads\/2024\/08\/causerie_numerique.png\" width=\"220\" height=\"228\" alt=\"Image\" loading=\"lazy\"><\/span><\/div><div class=\"x-col e413-e61 mbh-22 mbh-23\"><div class=\"x-text x-content e413-e62 mbh-2e mbh-2f mbh-2g mbh-2h mbh-2l mbh-2m\"><p>Quels b\u00e9n\u00e9fices les outils num\u00e9riques apportent-ils \u00e0 l'\u00e9ducation et \u00e0 l'apprentissage, quels sont les d\u00e9fis et les risques associ\u00e9s ?<\/p>\n<p>Causerie pour une sensibilisation constructive et critique sur l\u2019interaction du num\u00e9rique avec la vie de tous les jours et ses enjeux dans l\u2019\u00e9ducation. Bienvenue aux enseignants !<\/p>\n<p><span><a href=\"http:\/\/linkedin.com\/in\/gilbertisoard\/\" rel=\"noreferrer nofollow noopener\" target=\"_blank\">linkedin.com\/in\/gilbertisoard\/<\/a><\/span><\/p><\/div><\/div><\/div><\/div><\/div><div class=\"x-section e413-e63 mbh-0 mbh-3 mbh-4 mbh-5\"><div class=\"x-row x-container max width e413-e64 mbh-9 mbh-a mbh-b mbh-c mbh-g mbh-v\"><div class=\"x-row-inner\"><div class=\"x-col e413-e65 mbh-22 mbh-23 mbh-27\"><div class=\"x-text x-content e413-e66 mbh-2e mbh-2h mbh-2i mbh-2j mbh-2k mbh-2l\">ATELIERS INDIG\u00c8NES<\/div><\/div><\/div><\/div><div class=\"x-row x-container max width e413-e67 mbh-9 mbh-a mbh-b mbh-g mbh-w\"><div class=\"x-row-inner\"><div class=\"x-col e413-e68 mbh-22 mbh-23 mbh-24\"><span class=\"x-image e413-e69 mbh-29 mbh-2c\"><img decoding=\"async\" src=\"https:\/\/lesfoisonnantes.fr\/info\/wp-content\/uploads\/2024\/08\/ateliers_indigenes.png\" width=\"226\" height=\"228\" alt=\"Image\" loading=\"lazy\"><\/span><\/div><div class=\"x-col e413-e70 mbh-22 mbh-23\"><div class=\"x-text x-content e413-e71 mbh-2e mbh-2f mbh-2g mbh-2h mbh-2l mbh-2m\"><p>Agora en cercle de parole sur le th\u00e8me : l\u2019importance du lieu et des \u00e9l\u00e9ments qui le constituent dans la pens\u00e9e indig\u00e8ne. Une pr\u00e9sentation br\u00e8ve de la culture Arhuaca et de son rapport personnel avec la Terre et les lieux, y compris les Lieux Sacr\u00e9s.<br \/>\nSuivie d\u2019un temps de questions-r\u00e9ponses.<\/p><\/div><\/div><\/div><\/div><\/div><div class=\"x-section e413-e72 mbh-0 mbh-3 mbh-4 mbh-5\"><div class=\"x-row x-container max width e413-e73 mbh-9 mbh-a mbh-b mbh-c mbh-g mbh-x\"><div class=\"x-row-inner\"><div class=\"x-col e413-e74 mbh-22 mbh-23\"><div class=\"x-text x-content e413-e75 mbh-2e mbh-2h mbh-2i mbh-2j mbh-2k mbh-2l\">LA PIERRE \u00c9CRITE<\/div><\/div><\/div><\/div><div class=\"x-row x-container max width e413-e76 mbh-9 mbh-a mbh-b mbh-g mbh-y\"><div class=\"x-row-inner\"><div class=\"x-col e413-e77 mbh-22 mbh-23 mbh-24\"><span class=\"x-image e413-e78 mbh-29 mbh-2c\"><img decoding=\"async\" src=\"https:\/\/lesfoisonnantes.fr\/info\/wp-content\/uploads\/2024\/10\/La_pierre_ecrite.png\" width=\"227\" height=\"227\" alt=\"Image\" loading=\"lazy\"><\/span><\/div><div class=\"x-col e413-e79 mbh-22 mbh-23\"><div class=\"x-text x-content e413-e80 mbh-2e mbh-2f mbh-2g mbh-2h mbh-2l mbh-2m\">Un projet d\u2019\u00e9cole sur Entrepierres, o\u00f9 tout reste \u00e0 cr\u00e9er ! Quoi r\u00eaver de mieux lorsqu\u2019on attend que des initiatives alternatives se d\u00e9veloppent \u00e0 c\u00f4t\u00e9 de chez soi ? Les porteuses du projet de l\u2019\u00c9cole de la Pierre \u00c9crite participent aux \"Foisonnantes\" dans l\u2019espoir de rencontrer des personnes pouvant proposer un lieu, les parents et les enseignants int\u00e9ress\u00e9s par ce projet\u2026 Le dossier p\u00e9dagogique a \u00e9t\u00e9 accept\u00e9 par l'acad\u00e9mie d'Aix-Marseille, hors contrat avec l'\u00e9ducation nationale.<\/div><\/div><\/div><\/div><\/div><div class=\"x-section e413-e81 mbh-0 mbh-2 mbh-3 mbh-4\"><div class=\"x-row x-container max width e413-e82 mbh-9 mbh-a mbh-b mbh-g mbh-z\"><div class=\"x-row-inner\"><div class=\"x-col e413-e83 mbh-22 mbh-23\"><div class=\"x-text x-content e413-e84 mbh-2e mbh-2h mbh-2i mbh-2j mbh-2k mbh-2l\">L\u2019EAU QUE NOUS SOMMES<\/div><\/div><\/div><\/div><div class=\"x-row x-container max width e413-e85 mbh-9 mbh-a mbh-b mbh-c mbh-g mbh-10\"><div class=\"x-row-inner\"><div class=\"x-col e413-e86 mbh-22 mbh-23 mbh-24\"><span class=\"x-image e413-e87 mbh-29 mbh-2c\"><img decoding=\"async\" src=\"https:\/\/lesfoisonnantes.fr\/info\/wp-content\/uploads\/2024\/08\/l_eau.png\" width=\"226\" height=\"228\" alt=\"Image\" loading=\"lazy\"><\/span><\/div><div class=\"x-col e413-e88 mbh-22 mbh-23\"><div class=\"x-text x-content e413-e89 mbh-2e mbh-2f mbh-2g mbh-2h mbh-2l mbh-2m\"><p>\u00c0 l'heure ou l'eau est accapar\u00e9e, privatis\u00e9e, contr\u00f4l\u00e9e, d\u00e9natur\u00e9e par la chimie et par les actions humaines, Emmanuel Coste, Architecte du Vivant, redonne la parole \u00e0 l'eau, \u00e0 la fois dans une conscience quotidienne et par des r\u00e9alisations concr\u00e8tes au sein de ses entreprises, en nous invitant \u00e0 revoir notre rapport \u00e0 l'eau et \u00e0 imaginer des nouvelles solutions pour prendre soin de cette eau Vivante !<\/p>\n<p><a href=\"https:\/\/youtu.be\/4YTg5iTpIxM?si=zv-HECJhl-5qnHq_\">https:\/\/youtu.be\/4YTg5iTpIxM<\/a><\/p><\/div><\/div><\/div><\/div><\/div><div class=\"x-section e413-e90 mbh-0 mbh-2 mbh-3 mbh-7\"><div class=\"x-row x-container max width e413-e91 mbh-9 mbh-a mbh-b mbh-g mbh-11\"><div class=\"x-row-inner\"><div class=\"x-col e413-e92 mbh-22 mbh-23 mbh-27\"><div class=\"x-text x-content e413-e93 mbh-2e mbh-2h mbh-2i mbh-2j mbh-2k mbh-2l\">L\u2019OURSE D\u2019\u00c9MERAUDE<\/div><\/div><\/div><\/div><div class=\"x-row x-container max width e413-e94 mbh-9 mbh-a mbh-b mbh-c mbh-g mbh-12\"><div class=\"x-row-inner\"><div class=\"x-col e413-e95 mbh-22 mbh-23 mbh-24\"><span class=\"x-image e413-e96 mbh-29 mbh-2c\"><img decoding=\"async\" src=\"https:\/\/lesfoisonnantes.fr\/info\/wp-content\/uploads\/2024\/08\/ourse.png\" width=\"226\" height=\"228\" alt=\"Image\" loading=\"lazy\"><\/span><\/div><div class=\"x-col e413-e97 mbh-22 mbh-23\"><div class=\"x-text x-content e413-e98 mbh-2e mbh-2f mbh-2g mbh-2h mbh-2l mbh-2m\"><p>Spectacle pour enfants sur l'importance de rester soi-m\u00eame et de garder un esprit lucide et critique. <br \/>\nCela vaut-il vraiment la peine de tout laisser derri\u00e8re soi pour suivre ses r\u00eaves? Une petite lionne courageuse s'appr\u00eate \u00e0 trouver les r\u00e9ponses \u00e0 toutes ces questions au cours d'une grande aventure. Elle qui pensait \u00eatre en chemin pour affronter la terrifiante Ourse d'\u00e9meraude, fera en fait une rencontre avec elle-m\u00eame.<\/p>\n<p><a href=\"https:\/\/leschevalsdetrois.com\/\">https:\/\/leschevalsdetrois.com\/<\/a><\/p><\/div><\/div><\/div><\/div><\/div><div class=\"x-section e413-e99 mbh-0 mbh-2 mbh-3 mbh-4\"><div class=\"x-row x-container max width e413-e100 mbh-9 mbh-a mbh-b mbh-c mbh-g mbh-13\"><div class=\"x-row-inner\"><div class=\"x-col e413-e101 mbh-22 mbh-23\"><div class=\"x-text x-content e413-e102 mbh-2e mbh-2h mbh-2i mbh-2j mbh-2l mbh-2n\">ATELIER DE PRATIQUE DE COMMUNICATION CONSCIENTE<\/div><\/div><\/div><\/div><div class=\"x-row x-container max width e413-e103 mbh-9 mbh-a mbh-b mbh-g mbh-14\"><div class=\"x-row-inner\"><div class=\"x-col e413-e104 mbh-22 mbh-23 mbh-24\"><span class=\"x-image e413-e105 mbh-29 mbh-2c\"><img decoding=\"async\" src=\"https:\/\/lesfoisonnantes.fr\/info\/wp-content\/uploads\/2024\/08\/com_consciente.png\" width=\"220\" height=\"228\" alt=\"Image\" loading=\"lazy\"><\/span><\/div><div class=\"x-col e413-e106 mbh-22 mbh-23\"><div class=\"x-text x-content e413-e107 mbh-2e mbh-2f mbh-2g mbh-2h mbh-2l mbh-2m\"><p>Inspir\u00e9e par l'approche de la Communication Non Violente de Marshall Rosenberg, la Communication Consciente est un processus permettant de vivre des relations plus harmonieuses avec soi-m\u00eame, avec les autres et son environnement, cultivant la connaissance de soi, l'empathie, la bienveillance et la conscience de sa responsabilit\u00e9.<br \/>\n\u00c0 destination des familles \u00e0 partir de 7 ans.<\/p><\/div><\/div><\/div><\/div><\/div><div class=\"x-section e413-e108 mbh-0 mbh-2 mbh-3 mbh-4\"><div class=\"x-row x-container max width e413-e109 mbh-9 mbh-a mbh-b mbh-c mbh-g mbh-15\"><div class=\"x-row-inner\"><div class=\"x-col e413-e110 mbh-22 mbh-23\"><div class=\"x-text x-content e413-e111 mbh-2e mbh-2h mbh-2i mbh-2j mbh-2k mbh-2l\">L\u2019EMBARCA\u2019SON<\/div><\/div><\/div><\/div><div class=\"x-row x-container max width e413-e112 mbh-9 mbh-a mbh-b mbh-g mbh-16\"><div class=\"x-row-inner\"><div class=\"x-col e413-e113 mbh-22 mbh-23 mbh-24\"><span class=\"x-image e413-e114 mbh-29 mbh-2c\"><img decoding=\"async\" src=\"https:\/\/lesfoisonnantes.fr\/info\/wp-content\/uploads\/2024\/10\/embarcason.png\" width=\"227\" height=\"227\" alt=\"Image\" loading=\"lazy\"><\/span><\/div><div class=\"x-col e413-e115 mbh-22 mbh-23\"><div class=\"x-text x-content e413-e116 mbh-2e mbh-2f mbh-2g mbh-2h mbh-2l mbh-2m\"><p>Spectacle musical et familial \u00e0 bord d\u2019un man\u00e8ge naval et \u00e0 p\u00e9dales. Les moussaillons sont embarqu\u00e9s au son de l\u2019accord\u00e9on et des histoires de Marine Dauphine et Madame Mouette, accompagn\u00e9s par leurs parents aux p\u00e9dales, pour un voyage en mers imaginaires\u2026<br \/>\nSix enfants par voyage, d\u00e8s 9 mois \u00e0 6 ans. Deux heures et demie de voyages r\u00e9partis sur la journ\u00e9e.<br \/>\n<a href=\"https:\/\/lembarcason.fr\">https:\/\/lembarcason.fr<\/a><\/p><\/div><\/div><\/div><\/div><\/div><div class=\"x-section e413-e117 mbh-0 mbh-2 mbh-3 mbh-8\"><div class=\"x-row x-container max width e413-e118 mbh-9 mbh-a mbh-b mbh-c mbh-g mbh-17\"><div class=\"x-row-inner\"><div class=\"x-col e413-e119 mbh-22 mbh-23\"><div class=\"x-text x-content e413-e120 mbh-2e mbh-2h mbh-2i mbh-2j mbh-2k mbh-2l\">PERMACULTURE ET ECO-GASTRONOMIE<\/div><\/div><\/div><\/div><div class=\"x-row x-container max width e413-e121 mbh-9 mbh-a mbh-b mbh-g mbh-18\"><div class=\"x-row-inner\"><div class=\"x-col e413-e122 mbh-22 mbh-23 mbh-24\"><span class=\"x-image e413-e123 mbh-29 mbh-2c\"><img decoding=\"async\" src=\"https:\/\/lesfoisonnantes.fr\/info\/wp-content\/uploads\/2024\/08\/permaculture.png\" width=\"226\" height=\"228\" alt=\"Image\" loading=\"lazy\"><\/span><\/div><div class=\"x-col e413-e124 mbh-22 mbh-23\"><div class=\"x-text x-content e413-e125 mbh-2e mbh-2f mbh-2g mbh-2h mbh-2l mbh-2m\"><p>Bruno Doumaiselle et Damien Longepierre, sont permaculteurs.<br \/>\nIls partage des savoirs et pratiques autour de la permaculture en lien avec notre relation \u00e0 la nature en g\u00e9n\u00e9ral, au sol, \u00e0 la terre, au ciel, aux microorganismes, puis conseillent comment appliquer cette sensibilit\u00e9 \u00e0 notre fa\u00e7on de concevoir une alimentation simple et saine, pour tous.<\/p>\n<p><a href=\"https:\/\/permaculture-provence.fr\/\">https:\/\/permaculture-provence.fr\/<\/a><\/p><\/div><\/div><\/div><\/div><\/div><div class=\"x-section e413-e126 mbh-0 mbh-2 mbh-3 mbh-4\"><div class=\"x-row x-container max width e413-e127 mbh-9 mbh-a mbh-b mbh-c mbh-g mbh-19\"><div class=\"x-row-inner\"><div class=\"x-col e413-e128 mbh-22 mbh-23\"><div class=\"x-text x-content e413-e129 mbh-2e mbh-2h mbh-2i mbh-2j mbh-2k mbh-2l\">VOYAGE SONORE<\/div><\/div><\/div><\/div><div class=\"x-row x-container max width e413-e130 mbh-9 mbh-a mbh-b mbh-g mbh-1a\"><div class=\"x-row-inner\"><div class=\"x-col e413-e131 mbh-22 mbh-23 mbh-24\"><span class=\"x-image e413-e132 mbh-29 mbh-2c\"><img decoding=\"async\" src=\"https:\/\/lesfoisonnantes.fr\/info\/wp-content\/uploads\/2024\/08\/voyage_sonore.png\" width=\"226\" height=\"228\" alt=\"Image\" loading=\"lazy\"><\/span><\/div><div class=\"x-col e413-e133 mbh-22 mbh-23\"><div class=\"x-text x-content e413-e134 mbh-2e mbh-2f mbh-2g mbh-2h mbh-2l mbh-2m\"><p>Accompagn\u00e9s de bols de cristal et tib\u00e9tains, harpe de cristal, lyre, didgeridoo, stelldrum, guitare, tambours, chant intuitif... nous vous invitons \u00e0 un voyage m\u00e9ditatif, v\u00e9ritable massage sonore, co-cr\u00e9ation de l'instant.\u00a0 <br \/>\nLes sons et les vibrations nous emm\u00e8nent dans des espaces inexplor\u00e9s de notre \u00eatre... apportant d\u00e9tente, ouverture et ressourcement. <br \/>\nAnim\u00e9 par Coralie Dormoy et Gu\u00e9na\u00ebl Heuveline.<\/p>\n<p><span><a href=\"https:\/\/youtu.be\/gC9UT1uCBpw?si=Zw6DqkurkP4wmLwF\">https:\/\/youtu.be\/gC9UT1uCBpw<\/a>\u00a0 <\/span><span><a href=\"https:\/\/zenzik.fr\/\"><\/a><\/span><\/p>\n<p><span><a href=\"https:\/\/zenzik.fr\/\">https:\/\/zenzik.fr\/<\/a><\/span><\/p><\/div><\/div><\/div><\/div><\/div><div class=\"x-section e413-e135 mbh-0 mbh-6\"><div class=\"x-row x-container max width e413-e136 mbh-9 mbh-e mbh-f mbh-g mbh-1b\"><div class=\"x-row-inner\"><div class=\"x-col e413-e137 mbh-22 mbh-26 mbh-28\"><span class=\"x-image e413-e138 mbh-29 mbh-2a\"><img decoding=\"async\" src=\"https:\/\/lesfoisonnantes.fr\/info\/wp-content\/uploads\/2024\/08\/date_dimanche.png\" width=\"240\" height=\"153\" alt=\"Image\" loading=\"lazy\"><\/span><\/div><\/div><\/div><\/div><div class=\"x-section e413-e139 mbh-0 mbh-2 mbh-3 mbh-4\"><div class=\"x-row x-container max width e413-e140 mbh-9 mbh-a mbh-b mbh-c mbh-g mbh-1c\"><div class=\"x-row-inner\"><div class=\"x-col e413-e141 mbh-22 mbh-23\"><div class=\"x-text x-content e413-e142 mbh-2e mbh-2h mbh-2i mbh-2j mbh-2k mbh-2l\">LA M\u00c9DITATION HEARTFULNESS<\/div><\/div><\/div><\/div><div class=\"x-row x-container max width e413-e143 mbh-9 mbh-a mbh-b mbh-g mbh-1d\"><div class=\"x-row-inner\"><div class=\"x-col e413-e144 mbh-22 mbh-23 mbh-24\"><span class=\"x-image e413-e145 mbh-29 mbh-2c\"><img decoding=\"async\" src=\"https:\/\/lesfoisonnantes.fr\/info\/wp-content\/uploads\/2024\/08\/meditation_dimanche.png\" width=\"226\" height=\"228\" alt=\"Image\" loading=\"lazy\"><\/span><\/div><div class=\"x-col e413-e146 mbh-22 mbh-23\"><div class=\"x-text x-content e413-e147 mbh-2e mbh-2f mbh-2g mbh-2h mbh-2l mbh-2m\"><p>Deuxi\u00e8me m\u00e9ditation propos\u00e9e pour bien s\u2019ancrer dans la journ\u00e9e. <br \/>\nN\u00e9e en Inde au d\u00e9but du XXe si\u00e8cle et inspir\u00e9e du Raja Yoga, la m\u00e9ditation Heartfulness propose une approche simple et accessible centr\u00e9e sur le r\u00f4le dynamique du coeur.<\/p>\n<p><a href=\"https:\/\/fr.heartfulness.org\">https:\/\/fr.heartfulness.org<\/a><\/p><\/div><\/div><\/div><\/div><\/div><div class=\"x-section e413-e148 mbh-0 mbh-3 mbh-4 mbh-5\"><div class=\"x-row x-container max width e413-e149 mbh-9 mbh-a mbh-b mbh-c mbh-g mbh-1e\"><div class=\"x-row-inner\"><div class=\"x-col e413-e150 mbh-22 mbh-23\"><div class=\"x-text x-content e413-e151 mbh-2e mbh-2h mbh-2i mbh-2j mbh-2k mbh-2l\">MA TENTE M\u2019A RACONT\u00c9<\/div><\/div><\/div><\/div><div class=\"x-row x-container max width e413-e152 mbh-9 mbh-a mbh-b mbh-c mbh-g mbh-1f\"><div class=\"x-row-inner\"><div class=\"x-col e413-e153 mbh-22 mbh-23 mbh-24\"><span class=\"x-image e413-e154 mbh-29 mbh-2c\"><img decoding=\"async\" src=\"https:\/\/lesfoisonnantes.fr\/info\/wp-content\/uploads\/2024\/08\/tente_contes_dimanche.png\" width=\"226\" height=\"228\" alt=\"Image\" loading=\"lazy\"><\/span><\/div><div class=\"x-col e413-e155 mbh-22 mbh-23\"><div class=\"x-text x-content e413-e156 mbh-2e mbh-2f mbh-2g mbh-2h mbh-2l mbh-2m\"><p>Sous la tente \u00e0 contes de la conteuse Caroline Durant les enfants de 2 \u00e0 6 ans d\u00e9couvrent l\u2019univers merveilleux des histoires que l\u2019on raconte lorsqu\u2019on a soi-m\u00eame une \u00e2me d\u2019enfant\u2026<\/p>\n<p><a href=\"https:\/\/fr.heartfulness.org\"><\/a><\/p><\/div><\/div><\/div><\/div><\/div><div class=\"x-section e413-e157 mbh-0 mbh-3 mbh-4 mbh-5\"><div class=\"x-row x-container max width e413-e158 mbh-9 mbh-a mbh-b mbh-c mbh-g mbh-1g\"><div class=\"x-row-inner\"><div class=\"x-col e413-e159 mbh-22 mbh-23\"><div class=\"x-text x-content e413-e160 mbh-2e mbh-2h mbh-2i mbh-2j mbh-2k mbh-2l\">TH\u00c9\u00c2TRE FORUM<\/div><\/div><\/div><\/div><div class=\"x-row x-container max width e413-e161 mbh-9 mbh-a mbh-b mbh-c mbh-g mbh-1h\"><div class=\"x-row-inner\"><div class=\"x-col e413-e162 mbh-22 mbh-23 mbh-24\"><span class=\"x-image e413-e163 mbh-29 mbh-2c\"><img decoding=\"async\" src=\"https:\/\/lesfoisonnantes.fr\/info\/wp-content\/uploads\/2024\/10\/theatre_forum.png\" width=\"227\" height=\"227\" alt=\"Image\" loading=\"lazy\"><\/span><\/div><div class=\"x-col e413-e164 mbh-22 mbh-23 mbh-27\"><div class=\"x-text x-content e413-e165 mbh-2e mbh-2f mbh-2g mbh-2h mbh-2l mbh-2m\"><p>Nous sommes tous des acteurs (nous agissons) et des spectateurs (nous observons)\u2026<br \/>\nPartant de l\u00e0 sont n\u00e9s les principes du Th\u00e9\u00e2tre Forum, tels que pratiqu\u00e9s par Augusto Boal, fondateur du Th\u00e9\u00e2tre de l\u2019opprim\u00e9, et qui sont largement utilis\u00e9s dans le monde entier, entre autres par les professionnels du social. <br \/>\nLa compagnie Euphorum 04, sp\u00e9cialis\u00e9e dans la pratique du th\u00e9\u00e2tre-forum, vous propose un spectacle participatif\u00a0 intitul\u00e9 \"ondes de T.O.C.\" concernant l'impact des outils num\u00e9riques sur la qualit\u00e9 des relations humaines.<\/p><\/div><\/div><\/div><\/div><\/div><div class=\"x-section e413-e166 mbh-0 mbh-2 mbh-3 mbh-8\"><div class=\"x-row x-container max width e413-e167 mbh-9 mbh-a mbh-b mbh-c mbh-g mbh-1i\"><div class=\"x-row-inner\"><div class=\"x-col e413-e168 mbh-22 mbh-23\"><div class=\"x-text x-content e413-e169 mbh-2e mbh-2h mbh-2i mbh-2j mbh-2k mbh-2l\">LE MIROIR DE L\u2019EAU<\/div><\/div><\/div><\/div><div class=\"x-row x-container max width e413-e170 mbh-9 mbh-a mbh-b mbh-c mbh-g mbh-1j\"><div class=\"x-row-inner\"><div class=\"x-col e413-e171 mbh-22 mbh-23 mbh-24\"><span class=\"x-image e413-e172 mbh-29 mbh-2c\"><img decoding=\"async\" src=\"https:\/\/lesfoisonnantes.fr\/info\/wp-content\/uploads\/2024\/10\/miroir_de-leau.png\" width=\"227\" height=\"227\" alt=\"Image\" loading=\"lazy\"><\/span><\/div><div class=\"x-col e413-e173 mbh-22 mbh-23\"><div class=\"x-text x-content e413-e174 mbh-2e mbh-2f mbh-2g mbh-2h mbh-2l mbh-2m\"><p>Anima\u2019son chant\u00e9e pour les enfants ( 3 \u00e0 10 ans ) et leurs parents !<\/p>\n<p>Durant \u00be d'heure, les enfants et les adultes d\u00e9sirant \u00eatre pr\u00e9sents sont embarqu\u00e9s dans une vague de surprises sonores, de chansons douces ou dynamiques,\u00a0 de gestes et de silences musicaux, une co-cr\u00e9ation dans laquelle chacun pourra s'exprimer \u00e0 sa mesure et en son temps, port\u00e9 par la magie du silence et du son\u2026<\/p><\/div><\/div><\/div><\/div><\/div><div class=\"x-section e413-e175 mbh-0 mbh-2 mbh-3 mbh-4\"><div class=\"x-row x-container max width e413-e176 mbh-9 mbh-a mbh-b mbh-c mbh-g mbh-1k\"><div class=\"x-row-inner\"><div class=\"x-col e413-e177 mbh-22 mbh-23\"><div class=\"x-text x-content e413-e178 mbh-2e mbh-2h mbh-2i mbh-2j mbh-2k mbh-2l\">ECCL\u00c9SIA<\/div><\/div><\/div><\/div><div class=\"x-row x-container max width e413-e179 mbh-9 mbh-a mbh-b mbh-c mbh-g mbh-1l\"><div class=\"x-row-inner\"><div class=\"x-col e413-e180 mbh-22 mbh-23 mbh-24\"><span class=\"x-image e413-e181 mbh-29 mbh-2c\"><img decoding=\"async\" src=\"https:\/\/lesfoisonnantes.fr\/info\/wp-content\/uploads\/2024\/10\/ecclesia.png\" width=\"227\" height=\"227\" alt=\"Image\" loading=\"lazy\"><\/span><\/div><div class=\"x-col e413-e182 mbh-22 mbh-23\"><div class=\"x-text x-content e413-e183 mbh-2e mbh-2f mbh-2g mbh-2h mbh-2l mbh-2m\"><p>Comment gagner les rivages d\u2019une soci\u00e9t\u00e9 plus sinc\u00e8rement d\u00e9mocratique\u00a0 depuis notre navire en perdition ? Le projet Eccl\u00e9sia tente de r\u00e9pondre \u00e0 cette interrogation.<\/p>\n<p>Eccl\u00e9sia, est un collectif ouvert qui r\u00e9unit des citoyens anonymes d\u00e9sireux de mettre en pratique l\u2019id\u00e9e d\u2019\u00c9tat-Nation sans fronti\u00e8res ainsi que l\u2019id\u00e9e du RIC Constituant, destin\u00e9 \u00e0 faire de nous des sujets politiques \u00e9mancip\u00e9s.<\/p>\n<p><a href=\"https:\/\/ecclesia-ensf.com\/histoire-2\/\">https:\/\/ecclesia-ensf.com\/histoire-2\/<\/a><\/p><\/div><\/div><\/div><\/div><\/div><div class=\"x-section e413-e184 mbh-0 mbh-2 mbh-3 mbh-4\"><div class=\"x-row x-container max width e413-e185 mbh-9 mbh-a mbh-b mbh-c mbh-g mbh-1m\"><div class=\"x-row-inner\"><div class=\"x-col e413-e186 mbh-22 mbh-23\"><div class=\"x-text x-content e413-e187 mbh-2e mbh-2h mbh-2i mbh-2j mbh-2k mbh-2l\">\u00c9DUCATION \u00c0 LA PAIX<\/div><\/div><\/div><\/div><div class=\"x-row x-container max width e413-e188 mbh-9 mbh-a mbh-b mbh-c mbh-g mbh-1n\"><div class=\"x-row-inner\"><div class=\"x-col e413-e189 mbh-22 mbh-23 mbh-24\"><span class=\"x-image e413-e190 mbh-29 mbh-2c\"><img decoding=\"async\" src=\"https:\/\/lesfoisonnantes.fr\/info\/wp-content\/uploads\/2024\/10\/education_a_la_paix.png\" width=\"227\" height=\"227\" alt=\"Image\" loading=\"lazy\"><\/span><\/div><div class=\"x-col e413-e191 mbh-22 mbh-23\"><div class=\"x-text x-content e413-e192 mbh-2e mbh-2f mbh-2g mbh-2h mbh-2l mbh-2m\"><p>L\u2019Atelier pratique de l'Art Martial Sensoriel, pacifique et relationnel, d\u00e9ploie une \u00e9ducation relationnelle \u00e0 la paix, en soi et autour de soi, qui permet de gagner en paix int\u00e9rieure, de pr\u00e9venir les conflits et aussi de les transformer.<\/p>\n<p>La pratique s'effectue \u00e0 partir d'un accordage de notre relation corps\/psychisme\/\u00e9motion qui ouvre \u00e0 une relation plus pacifique avec soi-m\u00eame, que l'on va ensuite prolonger dans la relation \u00e0 autrui par une approche tr\u00e8s ludique en duo\u2026<br \/>\n<a href=\"https:\/\/artmartialsensoriel.org\">https:\/\/artmartialsensoriel.org<\/a><\/p><\/div><\/div><\/div><\/div><\/div><div class=\"x-section e413-e193 mbh-0 mbh-2 mbh-3 mbh-4\"><div class=\"x-row x-container max width e413-e194 mbh-9 mbh-a mbh-b mbh-c mbh-g mbh-1o\"><div class=\"x-row-inner\"><div class=\"x-col e413-e195 mbh-22 mbh-23\"><div class=\"x-text x-content e413-e196 mbh-2e mbh-2h mbh-2i mbh-2j mbh-2k mbh-2l\">DES CH\u00c8VRES EN CORR\u00c8ZE<\/div><\/div><\/div><\/div><div class=\"x-row x-container max width e413-e197 mbh-9 mbh-a mbh-b mbh-c mbh-g mbh-1p\"><div class=\"x-row-inner\"><div class=\"x-col e413-e198 mbh-22 mbh-23 mbh-24\"><span class=\"x-image e413-e199 mbh-29 mbh-2c\"><img decoding=\"async\" src=\"https:\/\/lesfoisonnantes.fr\/info\/wp-content\/uploads\/2024\/10\/les_chevres.png\" width=\"227\" height=\"227\" alt=\"Image\" loading=\"lazy\"><\/span><\/div><div class=\"x-col e413-e200 mbh-22 mbh-23\"><div class=\"x-text x-content e413-e201 mbh-2e mbh-2f mbh-2g mbh-2h mbh-2l mbh-2m\"><p>Un ermite un peu fou profite de l\u2019incursion du public dans sa grotte pour retracer le tumultueux parcours de vie qui l\u2019a pouss\u00e9 \u00e0 fuir les autres dans une vaine tentative pour \u00e9chapper \u00e0 la violence de la soci\u00e9t\u00e9. Entre d\u00e9sespoir et lueurs d\u2019optimisme, c\u2019est surtout l\u2019esp\u00e8ce humaine que l\u2019ermite tente de d\u00e9peindre : celle qui est cruelle, celle qui est perdue, celle qui est belle, celle qui pourrait se retrouver. Celle qui ferait peut-\u00eatre bien de laisser derri\u00e8re la fr\u00e9n\u00e9sie du monde pour aller tranquillement \u00e9lever des ch\u00e8vres en Corr\u00e8ze. Un r\u00e9cit initiatique, qui parle \u00e0 tous, et donne envie de faire mieux.<\/p>\n<p><a href=\"https:\/\/leschevalsdetrois.com\/\">https:\/\/leschevalsdetrois.com\/<\/a><\/p><\/div><\/div><\/div><\/div><\/div><div class=\"x-section e413-e202 mbh-0 mbh-2 mbh-3 mbh-4\"><div class=\"x-row x-container max width e413-e203 mbh-9 mbh-a mbh-b mbh-c mbh-g mbh-1q\"><div class=\"x-row-inner\"><div class=\"x-col e413-e204 mbh-22 mbh-23\"><div class=\"x-text x-content e413-e205 mbh-2e mbh-2h mbh-2i mbh-2j mbh-2k mbh-2l\">BIG BANG BOUM !<\/div><\/div><\/div><\/div><div class=\"x-row x-container max width e413-e206 mbh-9 mbh-a mbh-b mbh-c mbh-g mbh-1r\"><div class=\"x-row-inner\"><div class=\"x-col e413-e207 mbh-22 mbh-23 mbh-24\"><span class=\"x-image e413-e208 mbh-29 mbh-2c\"><img decoding=\"async\" src=\"https:\/\/lesfoisonnantes.fr\/info\/wp-content\/uploads\/2024\/10\/big_bang_boum.png\" width=\"228\" height=\"228\" alt=\"Image\" loading=\"lazy\"><\/span><\/div><div class=\"x-col e413-e209 mbh-22 mbh-23\"><div class=\"x-text x-content e413-e210 mbh-2e mbh-2f mbh-2g mbh-2h mbh-2l mbh-2m\"><p>La naissance, mais quelle est donc cette \u00e9nigme ? La naissance de la vie, d\u2019une plan\u00e8te, d\u2019un b\u00e9b\u00e9, d\u2019une chanson. La vie sous toutes ses formes, de la graine \u00e0 la pomme, du poisson au mammif\u00e8re, du microscopique au macroscopique, le miracle de la fertilit\u00e9.<\/p>\n<p>Grace \u00e0 la magie des apparitions et des disparitions, des d\u00e9couvertes, des nouveaut\u00e9s, des couleurs... un univers mobile se construit de surprises en surprises\u2026 Spectacle musical pour les tout petits 9 mois-5 ans.<br \/>\n<a href=\"https:\/\/lesreinesdudtt.wixsite.com\/\">https:\/\/lesreinesdudtt.wixsite.com\/<\/a><\/p>\n<p><a href=\"https:\/\/fr.heartfulness.org\"><\/a><\/p><\/div><\/div><\/div><\/div><\/div><div class=\"x-section e413-e211 mbh-0 mbh-2 mbh-3 mbh-4\"><div class=\"x-row x-container max width e413-e212 mbh-9 mbh-a mbh-b mbh-c mbh-g mbh-1s\"><div class=\"x-row-inner\"><div class=\"x-col e413-e213 mbh-22 mbh-23\"><div class=\"x-text x-content e413-e214 mbh-2e mbh-2h mbh-2i mbh-2j mbh-2k mbh-2l\">SYNCHRONICIT\u00c9S<\/div><\/div><\/div><\/div><div class=\"x-row x-container max width e413-e215 mbh-9 mbh-a mbh-b mbh-c mbh-g mbh-1t\"><div class=\"x-row-inner\"><div class=\"x-col e413-e216 mbh-22 mbh-23 mbh-24\"><span class=\"x-image e413-e217 mbh-29 mbh-2c\"><img decoding=\"async\" src=\"https:\/\/lesfoisonnantes.fr\/info\/wp-content\/uploads\/2024\/10\/synchronicites.png\" width=\"227\" height=\"227\" alt=\"Image\" loading=\"lazy\"><\/span><\/div><div class=\"x-col e413-e218 mbh-22 mbh-23\"><div class=\"x-text x-content e413-e219 mbh-2e mbh-2f mbh-2g mbh-2h mbh-2l mbh-2m\"><p>De la th\u00e9orie de Philippe Guillemant \u00e0 l'exp\u00e9rimentation concr\u00e8te.<br \/>\nDepuis ao\u00fbt 2022, plusieurs exp\u00e9riences de synchronicit\u00e9s ont \u00e9t\u00e9 propos\u00e9es aux membres du r\u00e9seau 6naps : mise en relation entre membres, tirage quantique, r\u00e9ponse venant du futur...<br \/>\nRomain vous pr\u00e9sentera le fonctionnement du \"zinzin quantique\" et partagera des t\u00e9moignages bluffants!<\/p>\n<p><a href=\"https:\/\/6naps.net\">https:\/\/6naps.net<\/a><\/p><\/div><\/div><\/div><\/div><\/div><div class=\"x-section e413-e220 mbh-0 mbh-2 mbh-3 mbh-4\"><div class=\"x-row x-container max width e413-e221 mbh-9 mbh-a mbh-b mbh-c mbh-g mbh-1u\"><div class=\"x-row-inner\"><div class=\"x-col e413-e222 mbh-22 mbh-23\"><div class=\"x-text x-content e413-e223 mbh-2e mbh-2h mbh-2i mbh-2j mbh-2k mbh-2l\">\u00c9COLE BUISSONNI\u00c8RE ET \u00c9COLIEUX DE BIEN COMMUN<\/div><\/div><\/div><\/div><div class=\"x-row x-container max width e413-e224 mbh-9 mbh-a mbh-b mbh-c mbh-g mbh-1v\"><div class=\"x-row-inner\"><div class=\"x-col e413-e225 mbh-22 mbh-23 mbh-24\"><span class=\"x-image e413-e226 mbh-29 mbh-2c\"><img decoding=\"async\" src=\"https:\/\/lesfoisonnantes.fr\/info\/wp-content\/uploads\/2024\/10\/perma_villageoise.png\" width=\"227\" height=\"227\" alt=\"Image\" loading=\"lazy\"><\/span><\/div><div class=\"x-col e413-e227 mbh-22 mbh-23\"><div class=\"x-text x-content e413-e228 mbh-2e mbh-2f mbh-2g mbh-2h mbh-2l mbh-2m\"><p>30\u2019 Causerie : \u00c9cole buissonni\u00e8re<br \/>\nSe r\u00e9-approprier nos terres et nos savoirs gr\u00e2ce \u00e0 l\u2019autogestion et l\u2019art participatif.<br \/>\n30\u2019 Causerie : \u00c9colieu de bien commun<br \/>\nMod\u00e8les et processus constituants pour se fonder en \u00e9colieu de bien commun.<br \/>\n<a href=\"http:\/\/www.permaculturevillageoise.fr\">www.permaculturevillageoise.fr<\/a><br \/>\n<a href=\"http:\/\/www.sillon.actitude.org\">www.sillon.actitude.org<\/a><\/p><\/div><\/div><\/div><\/div><\/div><div class=\"x-section e413-e229 mbh-0 mbh-2 mbh-3 mbh-4\"><div class=\"x-row x-container max width e413-e230 mbh-9 mbh-a mbh-b mbh-c mbh-g mbh-1w\"><div class=\"x-row-inner\"><div class=\"x-col e413-e231 mbh-22 mbh-23\"><div class=\"x-text x-content e413-e232 mbh-2e mbh-2h mbh-2i mbh-2j mbh-2k mbh-2l\">BRIGHTER MINDS<\/div><\/div><\/div><\/div><div class=\"x-row x-container max width e413-e233 mbh-9 mbh-a mbh-b mbh-c mbh-g mbh-1x\"><div class=\"x-row-inner\"><div class=\"x-col e413-e234 mbh-22 mbh-23 mbh-24\"><span class=\"x-image e413-e235 mbh-29 mbh-2c\"><img decoding=\"async\" src=\"https:\/\/lesfoisonnantes.fr\/info\/wp-content\/uploads\/2024\/10\/brightermind_dimanche.png\" width=\"227\" height=\"227\" alt=\"Image\" loading=\"lazy\"><\/span><\/div><div class=\"x-col e413-e236 mbh-22 mbh-23\"><div class=\"x-text x-content e413-e237 mbh-2e mbh-2f mbh-2g mbh-2h mbh-2l mbh-2m\"><p>Aussi appel\u00e9e la m\u00e9thode \u00ab Alpha \u00bb, l\u2019approche Brighter Minds s\u2019adresse surtout aux enfants de 7 \u00e0 17 ans, mais aussi aux adultes. La transformation intellectuelle, \u00e9motionnelle et sociale qu\u2019elle catalyse chez chaque enfant peut sembler tout simplement magique, mais au c\u0153ur de ce programme et du processus se trouve une science fond\u00e9e sur des preuves scientifiques.<br \/>\n<a href=\"https:\/\/www.brighterminds.fr\/\">https:\/\/www.brighterminds.fr\/<\/a><\/p><\/div><\/div><\/div><\/div><\/div><div class=\"x-section e413-e238 mbh-0 mbh-2 mbh-3 mbh-4\"><div class=\"x-row x-container max width e413-e239 mbh-9 mbh-a mbh-b mbh-c mbh-g mbh-1y\"><div class=\"x-row-inner\"><div class=\"x-col e413-e240 mbh-22 mbh-23\"><div class=\"x-text x-content e413-e241 mbh-2e mbh-2h mbh-2i mbh-2j mbh-2k mbh-2l\">LA PISTE DE L'UTOPISTE<\/div><\/div><\/div><\/div><div class=\"x-row x-container max width e413-e242 mbh-9 mbh-a mbh-b mbh-c mbh-g mbh-1z\"><div class=\"x-row-inner\"><div class=\"x-col e413-e243 mbh-22 mbh-23 mbh-24\"><span class=\"x-image e413-e244 mbh-29 mbh-2c\"><img decoding=\"async\" src=\"https:\/\/lesfoisonnantes.fr\/info\/wp-content\/uploads\/2024\/08\/rufus.png\" width=\"228\" height=\"228\" alt=\"Image\" loading=\"lazy\"><\/span><\/div><div class=\"x-col e413-e245 mbh-22 mbh-23\"><div class=\"x-text x-content e413-e246 mbh-2e mbh-2f mbh-2g mbh-2h mbh-2l mbh-2m\"><p>\u00ab Pouvez-vous dire oui \u00e0 la vie ? \u00bb c\u2019est la question que Rufus, le com\u00e9dien aux 163 films (Am\u00e9lie Poulain, Au nom de la terre\u2026), pose aux spectateurs et aux personnages de son r\u00e9cit. <br \/>\nLe protagoniste principal de cette histoire est un berger des montagnes qui a une semaine de vacances par an et quitte ses montagnes pour la gare centrale. Autant l\u00e0-haut y\u2019a personne, autant \u00e0 la gare y\u2019a tout le monde. Il adore \u00e7a. Et bizarrement tout le monde l\u2019adore. Toute la semaine il sauve des gens et le dimanche soir il doit remonter l\u00e0-haut voir si j\u2019y suis.<br \/>\nC\u2019est un spectacle qui ressemble \u00e0 Rufus, attachant et po\u00e9tique, dr\u00f4le et \u00e9mouvant, dont le com\u00e9dien a le secret.<\/p>\n<p><a href=\"https:\/\/youtube.com\/watch?v=-_YfAldCGbU\">https:\/\/youtube.com\/watch?v=-_YfAldCGbU<\/a><\/p>\n<p><a href=\"http:\/\/coraliedormoy.eklablog.com\"><span><\/span><\/a><\/p><\/div><\/div><\/div><\/div><\/div><div class=\"x-section e413-e247 mbh-0 mbh-2 mbh-3 mbh-4\"><div class=\"x-row x-container max width e413-e248 mbh-9 mbh-a mbh-b mbh-c mbh-g mbh-20\"><div class=\"x-row-inner\"><div class=\"x-col e413-e249 mbh-22 mbh-23\"><div class=\"x-text x-content e413-e250 mbh-2e mbh-2h mbh-2i mbh-2j mbh-2k mbh-2l\">BIODANZA<\/div><\/div><\/div><\/div><div class=\"x-row x-container max width e413-e251 mbh-9 mbh-a mbh-b mbh-c mbh-g mbh-21\"><div class=\"x-row-inner\"><div class=\"x-col e413-e252 mbh-22 mbh-23 mbh-24\"><span class=\"x-image e413-e253 mbh-29 mbh-2c\"><img decoding=\"async\" src=\"https:\/\/lesfoisonnantes.fr\/info\/wp-content\/uploads\/2024\/08\/biodanza-1.png\" width=\"228\" height=\"228\" alt=\"Image\" loading=\"lazy\"><\/span><\/div><div class=\"x-col e413-e254 mbh-22 mbh-23\"><div class=\"x-text x-content e413-e255 mbh-2e mbh-2f mbh-2g mbh-2h mbh-2l mbh-2m\"><p>La Biodanza (syst\u00e8me Rolando Toro) est une danse de la vie, un art de vivre ensemble, facilitant le nourrissement, le soin du vivant et le d\u00e9veloppement des potentiels humains (vitalit\u00e9, plaisir de vivre, cr\u00e9ativit\u00e9, affectivit\u00e9, transcendance) avec la musique, le mouvement et la rencontre (avec soi, l'autre, le monde et l\u2019univers).<\/p>\n<p><a href=\"http:\/\/coraliedormoy.eklablog.com\"><span>http:\/\/coraliedormoy.eklablog.com<\/span><\/a><\/p><\/div><\/div><\/div><\/div><\/div><\/div>\n","protected":false},"excerpt":{"rendered":"<p>Les inscriptions aux divers ateliers qui le sp\u00e9cifient, se font le matin \u00e0 l&rsquo;accueil de la Cour des Lucioles. Attention, pour certains ateliers et spectacles, le nombre de places est limit\u00e9.M\u00c9DITATION HEARTFULNESSM\u00e9ditation propos\u00e9e pour bien s\u2019ancrer dans la journ\u00e9e. N\u00e9e en Inde au d\u00e9but du XXe si\u00e8cle et inspir\u00e9e du Raja Yoga, la m\u00e9ditation Heartfulness propose une approche simple et &#8230; <\/p>\n<div><a href=\"https:\/\/lesfoisonnantes.fr\/info\/?page_id=413\" class=\"more-link\">Read More<\/a><\/div>\n","protected":false},"author":2,"featured_media":0,"parent":267,"menu_order":0,"comment_status":"closed","ping_status":"closed","template":"template-blank-2.php","meta":{"footnotes":""},"class_list":["post-413","page","type-page","status-publish","hentry","no-post-thumbnail"],"yoast_head":"<!-- This site is optimized with the Yoast SEO plugin v23.0 - https:\/\/yoast.com\/wordpress\/plugins\/seo\/ -->\n<title>COUR DES LUCIOLES - Les Foisonnantes 2024<\/title>\n<meta name=\"robots\" content=\"index, follow, max-snippet:-1, max-image-preview:large, max-video-preview:-1\" \/>\n<link rel=\"canonical\" href=\"https:\/\/lesfoisonnantes.fr\/info\/?page_id=413\" \/>\n<meta property=\"og:locale\" content=\"fr_FR\" \/>\n<meta property=\"og:type\" content=\"article\" \/>\n<meta property=\"og:title\" content=\"COUR DES LUCIOLES - Les Foisonnantes 2024\" \/>\n<meta property=\"og:description\" content=\"Les inscriptions aux divers ateliers qui le sp\u00e9cifient, se font le matin \u00e0 l&#039;accueil de la Cour des Lucioles. Attention, pour certains ateliers et spectacles, le nombre de places est limit\u00e9.M\u00c9DITATION HEARTFULNESSM\u00e9ditation propos\u00e9e pour bien s\u2019ancrer dans la journ\u00e9e. N\u00e9e en Inde au d\u00e9but du XXe si\u00e8cle et inspir\u00e9e du Raja Yoga, la m\u00e9ditation Heartfulness propose une approche simple et ... Read More\" \/>\n<meta property=\"og:url\" content=\"https:\/\/lesfoisonnantes.fr\/info\/?page_id=413\" \/>\n<meta property=\"og:site_name\" content=\"Les Foisonnantes 2024\" \/>\n<meta property=\"article:modified_time\" content=\"2024-10-07T11:34:54+00:00\" \/>\n<meta name=\"twitter:card\" content=\"summary_large_image\" \/>\n<meta name=\"twitter:label1\" content=\"Dur\u00e9e de lecture estim\u00e9e\" \/>\n\t<meta name=\"twitter:data1\" content=\"21 minutes\" \/>\n<script type=\"application\/ld+json\" class=\"yoast-schema-graph\">{\"@context\":\"https:\/\/schema.org\",\"@graph\":[{\"@type\":\"WebPage\",\"@id\":\"https:\/\/lesfoisonnantes.fr\/info\/?page_id=413\",\"url\":\"https:\/\/lesfoisonnantes.fr\/info\/?page_id=413\",\"name\":\"COUR DES LUCIOLES - Les Foisonnantes 2024\",\"isPartOf\":{\"@id\":\"https:\/\/lesfoisonnantes.fr\/info\/#website\"},\"datePublished\":\"2024-08-02T13:56:37+00:00\",\"dateModified\":\"2024-10-07T11:34:54+00:00\",\"breadcrumb\":{\"@id\":\"https:\/\/lesfoisonnantes.fr\/info\/?page_id=413#breadcrumb\"},\"inLanguage\":\"fr-FR\",\"potentialAction\":[{\"@type\":\"ReadAction\",\"target\":[\"https:\/\/lesfoisonnantes.fr\/info\/?page_id=413\"]}]},{\"@type\":\"BreadcrumbList\",\"@id\":\"https:\/\/lesfoisonnantes.fr\/info\/?page_id=413#breadcrumb\",\"itemListElement\":[{\"@type\":\"ListItem\",\"position\":1,\"name\":\"Accueil\",\"item\":\"https:\/\/lesfoisonnantes.fr\/info\/\"},{\"@type\":\"ListItem\",\"position\":2,\"name\":\"PROGRAMME\",\"item\":\"https:\/\/lesfoisonnantes.fr\/info\/?page_id=267\"},{\"@type\":\"ListItem\",\"position\":3,\"name\":\"COUR DES LUCIOLES\"}]},{\"@type\":\"WebSite\",\"@id\":\"https:\/\/lesfoisonnantes.fr\/info\/#website\",\"url\":\"https:\/\/lesfoisonnantes.fr\/info\/\",\"name\":\"Les Foisonnantes 2024\",\"description\":\"Des graines pour un monde nouveau\",\"publisher\":{\"@id\":\"https:\/\/lesfoisonnantes.fr\/info\/#organization\"},\"potentialAction\":[{\"@type\":\"SearchAction\",\"target\":{\"@type\":\"EntryPoint\",\"urlTemplate\":\"https:\/\/lesfoisonnantes.fr\/info\/?s={search_term_string}\"},\"query-input\":\"required name=search_term_string\"}],\"inLanguage\":\"fr-FR\"},{\"@type\":\"Organization\",\"@id\":\"https:\/\/lesfoisonnantes.fr\/info\/#organization\",\"name\":\"Les Foisonnantes 2024\",\"url\":\"https:\/\/lesfoisonnantes.fr\/info\/\",\"logo\":{\"@type\":\"ImageObject\",\"inLanguage\":\"fr-FR\",\"@id\":\"https:\/\/lesfoisonnantes.fr\/info\/#\/schema\/logo\/image\/\",\"url\":\"https:\/\/lesfoisonnantes.fr\/info\/wp-content\/uploads\/2024\/05\/Capture-decran-2024-05-20-a-00.45.23.png\",\"contentUrl\":\"https:\/\/lesfoisonnantes.fr\/info\/wp-content\/uploads\/2024\/05\/Capture-decran-2024-05-20-a-00.45.23.png\",\"width\":1466,\"height\":1378,\"caption\":\"Les Foisonnantes 2024\"},\"image\":{\"@id\":\"https:\/\/lesfoisonnantes.fr\/info\/#\/schema\/logo\/image\/\"}}]}<\/script>\n<!-- \/ Yoast SEO plugin. -->","yoast_head_json":{"title":"COUR DES LUCIOLES - Les Foisonnantes 2024","robots":{"index":"index","follow":"follow","max-snippet":"max-snippet:-1","max-image-preview":"max-image-preview:large","max-video-preview":"max-video-preview:-1"},"canonical":"https:\/\/lesfoisonnantes.fr\/info\/?page_id=413","og_locale":"fr_FR","og_type":"article","og_title":"COUR DES LUCIOLES - Les Foisonnantes 2024","og_description":"Les inscriptions aux divers ateliers qui le sp\u00e9cifient, se font le matin \u00e0 l'accueil de la Cour des Lucioles. Attention, pour certains ateliers et spectacles, le nombre de places est limit\u00e9.M\u00c9DITATION HEARTFULNESSM\u00e9ditation propos\u00e9e pour bien s\u2019ancrer dans la journ\u00e9e. N\u00e9e en Inde au d\u00e9but du XXe si\u00e8cle et inspir\u00e9e du Raja Yoga, la m\u00e9ditation Heartfulness propose une approche simple et ... Read More","og_url":"https:\/\/lesfoisonnantes.fr\/info\/?page_id=413","og_site_name":"Les Foisonnantes 2024","article_modified_time":"2024-10-07T11:34:54+00:00","twitter_card":"summary_large_image","twitter_misc":{"Dur\u00e9e de lecture estim\u00e9e":"21 minutes"},"schema":{"@context":"https:\/\/schema.org","@graph":[{"@type":"WebPage","@id":"https:\/\/lesfoisonnantes.fr\/info\/?page_id=413","url":"https:\/\/lesfoisonnantes.fr\/info\/?page_id=413","name":"COUR DES LUCIOLES - Les Foisonnantes 2024","isPartOf":{"@id":"https:\/\/lesfoisonnantes.fr\/info\/#website"},"datePublished":"2024-08-02T13:56:37+00:00","dateModified":"2024-10-07T11:34:54+00:00","breadcrumb":{"@id":"https:\/\/lesfoisonnantes.fr\/info\/?page_id=413#breadcrumb"},"inLanguage":"fr-FR","potentialAction":[{"@type":"ReadAction","target":["https:\/\/lesfoisonnantes.fr\/info\/?page_id=413"]}]},{"@type":"BreadcrumbList","@id":"https:\/\/lesfoisonnantes.fr\/info\/?page_id=413#breadcrumb","itemListElement":[{"@type":"ListItem","position":1,"name":"Accueil","item":"https:\/\/lesfoisonnantes.fr\/info\/"},{"@type":"ListItem","position":2,"name":"PROGRAMME","item":"https:\/\/lesfoisonnantes.fr\/info\/?page_id=267"},{"@type":"ListItem","position":3,"name":"COUR DES LUCIOLES"}]},{"@type":"WebSite","@id":"https:\/\/lesfoisonnantes.fr\/info\/#website","url":"https:\/\/lesfoisonnantes.fr\/info\/","name":"Les Foisonnantes 2024","description":"Des graines pour un monde nouveau","publisher":{"@id":"https:\/\/lesfoisonnantes.fr\/info\/#organization"},"potentialAction":[{"@type":"SearchAction","target":{"@type":"EntryPoint","urlTemplate":"https:\/\/lesfoisonnantes.fr\/info\/?s={search_term_string}"},"query-input":"required name=search_term_string"}],"inLanguage":"fr-FR"},{"@type":"Organization","@id":"https:\/\/lesfoisonnantes.fr\/info\/#organization","name":"Les Foisonnantes 2024","url":"https:\/\/lesfoisonnantes.fr\/info\/","logo":{"@type":"ImageObject","inLanguage":"fr-FR","@id":"https:\/\/lesfoisonnantes.fr\/info\/#\/schema\/logo\/image\/","url":"https:\/\/lesfoisonnantes.fr\/info\/wp-content\/uploads\/2024\/05\/Capture-decran-2024-05-20-a-00.45.23.png","contentUrl":"https:\/\/lesfoisonnantes.fr\/info\/wp-content\/uploads\/2024\/05\/Capture-decran-2024-05-20-a-00.45.23.png","width":1466,"height":1378,"caption":"Les Foisonnantes 2024"},"image":{"@id":"https:\/\/lesfoisonnantes.fr\/info\/#\/schema\/logo\/image\/"}}]}},"_links":{"self":[{"href":"https:\/\/lesfoisonnantes.fr\/info\/index.php?rest_route=\/wp\/v2\/pages\/413"}],"collection":[{"href":"https:\/\/lesfoisonnantes.fr\/info\/index.php?rest_route=\/wp\/v2\/pages"}],"about":[{"href":"https:\/\/lesfoisonnantes.fr\/info\/index.php?rest_route=\/wp\/v2\/types\/page"}],"author":[{"embeddable":true,"href":"https:\/\/lesfoisonnantes.fr\/info\/index.php?rest_route=\/wp\/v2\/users\/2"}],"replies":[{"embeddable":true,"href":"https:\/\/lesfoisonnantes.fr\/info\/index.php?rest_route=%2Fwp%2Fv2%2Fcomments&post=413"}],"version-history":[{"count":30,"href":"https:\/\/lesfoisonnantes.fr\/info\/index.php?rest_route=\/wp\/v2\/pages\/413\/revisions"}],"predecessor-version":[{"id":797,"href":"https:\/\/lesfoisonnantes.fr\/info\/index.php?rest_route=\/wp\/v2\/pages\/413\/revisions\/797"}],"up":[{"embeddable":true,"href":"https:\/\/lesfoisonnantes.fr\/info\/index.php?rest_route=\/wp\/v2\/pages\/267"}],"wp:attachment":[{"href":"https:\/\/lesfoisonnantes.fr\/info\/index.php?rest_route=%2Fwp%2Fv2%2Fmedia&parent=413"}],"curies":[{"name":"wp","href":"https:\/\/api.w.org\/{rel}","templated":true}]}}